{"id":7378,"date":"2024-10-22T18:40:23","date_gmt":"2024-10-22T16:40:23","guid":{"rendered":"https:\/\/versens.dev\/fesit\/politica-sulla-privacy\/"},"modified":"2025-02-03T10:25:59","modified_gmt":"2025-02-03T09:25:59","slug":"politica-sulla-privacy","status":"publish","type":"page","link":"https:\/\/fesit.es\/it\/politica-sulla-privacy\/","title":{"rendered":"Politica sulla privacy"},"content":{"rendered":"\t\t<div data-elementor-type=\"wp-page\" data-elementor-id=\"7378\" class=\"elementor elementor-7378 elementor-51\" data-elementor-post-type=\"page\">\n\t\t\t\t<div class=\"elementor-element elementor-element-555506d e-flex e-con-boxed e-con e-parent\" data-id=\"555506d\" data-element_type=\"container\" data-e-type=\"container\">\n\t\t\t\t\t<div class=\"e-con-inner\">\n\t\t\t\t<div class=\"elementor-element elementor-element-8542e8a elementor-widget elementor-widget-heading\" data-id=\"8542e8a\" data-element_type=\"widget\" data-e-type=\"widget\" data-widget_type=\"heading.default\">\n\t\t\t\t<div class=\"elementor-widget-container\">\n\t\t\t\t\t<h1 class=\"elementor-heading-title elementor-size-default\">Politica sulla privacy<\/h1>\t\t\t\t<\/div>\n\t\t\t\t<\/div>\n\t\t\t\t\t<\/div>\n\t\t\t\t<\/div>\n\t\t\t\t<section class=\"elementor-section elementor-top-section elementor-element elementor-element-4b71ec1f elementor-section-boxed elementor-section-height-default elementor-section-height-default\" data-id=\"4b71ec1f\" data-element_type=\"section\" data-e-type=\"section\">\n\t\t\t\t\t\t<div class=\"elementor-container elementor-column-gap-default\">\n\t\t\t\t\t<div class=\"elementor-column elementor-col-100 elementor-top-column elementor-element elementor-element-7844ad97\" data-id=\"7844ad97\" data-element_type=\"column\" data-e-type=\"column\">\n\t\t\t<div class=\"elementor-widget-wrap elementor-element-populated\">\n\t\t\t\t\t\t<div class=\"elementor-element elementor-element-5819e6a0 elementor-widget elementor-widget-text-editor\" data-id=\"5819e6a0\" data-element_type=\"widget\" data-e-type=\"widget\" data-widget_type=\"text-editor.default\">\n\t\t\t\t<div class=\"elementor-widget-container\">\n\t\t\t\t\t\t\t\t\t<p>In conformit\u00e0 con il Regolamento (UE) 2016\/679 del Parlamento Europeo e del Consiglio, del 27 aprile 2016, relativo alla protezione delle persone fisiche con riguardo al trattamento dei dati personali, che abroga la direttiva 95\/46\/CE (di seguito, GDPR), la legge 34\/2002, dell&#8217;11 luglio, sui servizi della societ\u00e0 dell&#8217;informazione e del commercio elettronico (di seguito,  LSSI-CE) e la Legge Organica 3\/2018, sulla protezione dei dati personali e la garanzia dei diritti digitali  <b>FISSAGGI FST SL<\/b>  garantisce la protezione e la riservatezza dei dati personali, di qualsiasi tipo fornitici dai nostri clienti, in conformit\u00e0 con le disposizioni del Regolamento generale sulla protezione dei dati personali.<\/p>\n<p>La Politica di Protezione dei Dati di <b>FST FIXINGS SL<\/b> si basa sul principio della responsabilit\u00e0 proattiva, in base al quale il Titolare del trattamento \u00e8 responsabile del rispetto del quadro normativo e giurisprudenziale, essendo in grado di dimostrarlo alle autorit\u00e0 di controllo corrispondenti.<\/p>\n<p>I dati forniti saranno trattati nei termini stabiliti dal GDPR, in questo senso <b>FST FIXINGS SL<\/b> ha adottato i livelli di protezione che sono richiesti dalla legge, e ha installato tutte le misure tecniche a sua disposizione per prevenire la perdita, l&#8217;uso improprio, l&#8217;alterazione, l&#8217;accesso non autorizzato da parte di terzi, indicati di seguito. Tuttavia, l&#8217;utente deve essere consapevole che le misure di sicurezza su Internet non sono inespugnabili. <\/p>\t\t\t\t\t\t\t\t<\/div>\n\t\t\t\t<\/div>\n\t\t\t\t<div class=\"elementor-element elementor-element-3d6a82e9 elementor-widget elementor-widget-heading\" data-id=\"3d6a82e9\" data-element_type=\"widget\" data-e-type=\"widget\" data-widget_type=\"heading.default\">\n\t\t\t\t<div class=\"elementor-widget-container\">\n\t\t\t\t\t<h2 class=\"elementor-heading-title elementor-size-default\">Titolare del trattamento: Chi siamo?<\/h2>\t\t\t\t<\/div>\n\t\t\t\t<\/div>\n\t\t\t\t<div class=\"elementor-element elementor-element-7469bbf9 elementor-widget elementor-widget-text-editor\" data-id=\"7469bbf9\" data-element_type=\"widget\" data-e-type=\"widget\" data-widget_type=\"text-editor.default\">\n\t\t\t\t<div class=\"elementor-widget-container\">\n\t\t\t\t\t\t\t\t\t<p><b>Denominazione:<\/b> FISSAGGI FST SL<br \/><strong>CIF:<\/strong> B72856693<br \/><b>Indirizzo:<\/b> Calle de la Libertad, 16 &#8211; Posteriore (Mostoles, 28936) Madrid Spagna<br \/><b>Telefono:<\/b> 91 641 08 13<br \/><b>E-mail:<\/b> <a class=\"ql-link\" href=\"mailto:fesit@fesit.es\" target=\"_blank\" rel=\"noopener noreferrer\">fesit@fesit.es<\/a><\/p>\n\t\t\t\t\t\t\t\t<\/div>\n\t\t\t\t<\/div>\n\t\t\t\t<div class=\"elementor-element elementor-element-14f397b6 elementor-widget elementor-widget-heading\" data-id=\"14f397b6\" data-element_type=\"widget\" data-e-type=\"widget\" data-widget_type=\"heading.default\">\n\t\t\t\t<div class=\"elementor-widget-container\">\n\t\t\t\t\t<h2 class=\"elementor-heading-title elementor-size-default\">Finalit\u00e0 del trattamento: Per cosa utilizzeremo i tuoi dati?<\/h2>\t\t\t\t<\/div>\n\t\t\t\t<\/div>\n\t\t\t\t<div class=\"elementor-element elementor-element-50b99e47 elementor-widget elementor-widget-text-editor\" data-id=\"50b99e47\" data-element_type=\"widget\" data-e-type=\"widget\" data-widget_type=\"text-editor.default\">\n\t\t\t\t<div class=\"elementor-widget-container\">\n\t\t\t\t\t\t\t\t\t<p>Tutti i dati forniti dai nostri clienti e\/o visitatori sul sito web <b>di FST FIXINGS SL<\/b> o a loro saranno utilizzati per offrire informazioni e fornire i servizi richiesti dagli utenti, o per risolvere dubbi o domande sollevate dai nostri visitatori. La nostra politica \u00e8 quella di non profilare gli utenti dei nostri servizi. <\/p>\n\t\t\t\t\t\t\t\t<\/div>\n\t\t\t\t<\/div>\n\t\t\t\t<div class=\"elementor-element elementor-element-5a72c69a elementor-widget elementor-widget-heading\" data-id=\"5a72c69a\" data-element_type=\"widget\" data-e-type=\"widget\" data-widget_type=\"heading.default\">\n\t\t\t\t<div class=\"elementor-widget-container\">\n\t\t\t\t\t<h2 class=\"elementor-heading-title elementor-size-default\">Liceit\u00e0 del trattamento: Perch\u00e9 abbiamo bisogno dei tuoi dati?<\/h2>\t\t\t\t<\/div>\n\t\t\t\t<\/div>\n\t\t\t\t<div class=\"elementor-element elementor-element-18f49ef4 elementor-widget elementor-widget-text-editor\" data-id=\"18f49ef4\" data-element_type=\"widget\" data-e-type=\"widget\" data-widget_type=\"text-editor.default\">\n\t\t\t\t<div class=\"elementor-widget-container\">\n\t\t\t\t\t\t\t\t\t<p><b>a) Rapporto contrattuale:<\/b> \u00e8 quello che si applica quando acquisti uno dei nostri prodotti o contratti uno qualsiasi dei nostri servizi.<br \/><b>b) Il tuo consenso:<\/b> Se sei un utente del nostro sito web, spuntando la casella che appare nel modulo di contatto, ci autorizzi a inviarti le comunicazioni necessarie per rispondere alla domanda o alla richiesta di informazioni sollevata, nonch\u00e9 per inviarti pubblicit\u00e0 dei nostri servizi.<\/p>\n\t\t\t\t\t\t\t\t<\/div>\n\t\t\t\t<\/div>\n\t\t\t\t<div class=\"elementor-element elementor-element-38ead352 elementor-widget elementor-widget-heading\" data-id=\"38ead352\" data-element_type=\"widget\" data-e-type=\"widget\" data-widget_type=\"heading.default\">\n\t\t\t\t<div class=\"elementor-widget-container\">\n\t\t\t\t\t<h2 class=\"elementor-heading-title elementor-size-default\">Destinatari: con chi condividiamo i tuoi dati?  <\/h2>\t\t\t\t<\/div>\n\t\t\t\t<\/div>\n\t\t\t\t<div class=\"elementor-element elementor-element-6226c613 elementor-widget elementor-widget-text-editor\" data-id=\"6226c613\" data-element_type=\"widget\" data-e-type=\"widget\" data-widget_type=\"text-editor.default\">\n\t\t\t\t<div class=\"elementor-widget-container\">\n\t\t\t\t\t\t\t\t\t<p>Non trasferiamo i tuoi dati personali a nessuno, ad eccezione di quegli enti pubblici a cui siamo obbligati a fornire i tuoi dati personali a causa del rispetto di qualsiasi legge. Per fare un esempio, la legge fiscale impone all&#8217;Agenzia delle Entrate di fornire determinate informazioni sulle transazioni economiche che superano un certo importo. <\/p>\n<p>Nel caso in cui, a parte i casi menzionati, dovessimo divulgare le tue informazioni personali ad altre entit\u00e0, richiederemo la tua autorizzazione preventiva attraverso opzioni chiare che ti consentiranno di decidere al riguardo.<\/p>\n\t\t\t\t\t\t\t\t<\/div>\n\t\t\t\t<\/div>\n\t\t\t\t<div class=\"elementor-element elementor-element-170db815 elementor-widget elementor-widget-heading\" data-id=\"170db815\" data-element_type=\"widget\" data-e-type=\"widget\" data-widget_type=\"heading.default\">\n\t\t\t\t<div class=\"elementor-widget-container\">\n\t\t\t\t\t<h2 class=\"elementor-heading-title elementor-size-default\">Comunicazione: Dove potremmo inviare i tuoi dati?<\/h2>\t\t\t\t<\/div>\n\t\t\t\t<\/div>\n\t\t\t\t<div class=\"elementor-element elementor-element-23e80019 elementor-widget elementor-widget-text-editor\" data-id=\"23e80019\" data-element_type=\"widget\" data-e-type=\"widget\" data-widget_type=\"text-editor.default\">\n\t\t\t\t<div class=\"elementor-widget-container\">\n\t\t\t\t\t\t\t\t\t<p>Non effettueremo trasferimenti internazionali dei tuoi dati personali.<\/p>\n\t\t\t\t\t\t\t\t<\/div>\n\t\t\t\t<\/div>\n\t\t\t\t<div class=\"elementor-element elementor-element-77db4979 elementor-widget elementor-widget-heading\" data-id=\"77db4979\" data-element_type=\"widget\" data-e-type=\"widget\" data-widget_type=\"heading.default\">\n\t\t\t\t<div class=\"elementor-widget-container\">\n\t\t\t\t\t<h2 class=\"elementor-heading-title elementor-size-default\">Conservazione: per quanto tempo conserveremo i tuoi dati?<\/h2>\t\t\t\t<\/div>\n\t\t\t\t<\/div>\n\t\t\t\t<div class=\"elementor-element elementor-element-200ea50c elementor-widget elementor-widget-text-editor\" data-id=\"200ea50c\" data-element_type=\"widget\" data-e-type=\"widget\" data-widget_type=\"text-editor.default\">\n\t\t\t\t<div class=\"elementor-widget-container\">\n\t\t\t\t\t\t\t\t\t<p>Conserveremo i tuoi dati personali solo per il tempo necessario a raggiungere le finalit\u00e0 per le quali sono stati raccolti e per servire, in<br>se del caso, reclami amministrativi o giurisdizionali relativi al trattamento dei tuoi dati.  <\/p>\n<p>In questo senso, <b>FST FIXINGS SL<\/b> conserver\u00e0 i dati personali una volta terminato il suo rapporto con te, debitamente bloccati, durante il periodo di prescrizione delle azioni che possono derivare dal rapporto intrattenuto con l&#8217;interessato.<\/p>\n<p>Una volta bloccati, i tuoi dati saranno inaccessibili a <b>FST FIXINGS SL<\/b> e non saranno trattati se non per metterli a disposizione di pubbliche amministrazioni, giudici e tribunali, per l&#8217;attenzione di eventuali responsabilit\u00e0 derivanti dal trattamento, nonch\u00e9 per l&#8217;esercizio e la difesa di reclami davanti all&#8217;Agenzia spagnola per la protezione dei dati.<\/p>\t\t\t\t\t\t\t\t<\/div>\n\t\t\t\t<\/div>\n\t\t\t\t<div class=\"elementor-element elementor-element-78f3f44e elementor-widget elementor-widget-heading\" data-id=\"78f3f44e\" data-element_type=\"widget\" data-e-type=\"widget\" data-widget_type=\"heading.default\">\n\t\t\t\t<div class=\"elementor-widget-container\">\n\t\t\t\t\t<h2 class=\"elementor-heading-title elementor-size-default\">Sicurezza: come proteggeremo i tuoi dati?  <\/h2>\t\t\t\t<\/div>\n\t\t\t\t<\/div>\n\t\t\t\t<div class=\"elementor-element elementor-element-3056e4f0 elementor-widget elementor-widget-text-editor\" data-id=\"3056e4f0\" data-element_type=\"widget\" data-e-type=\"widget\" data-widget_type=\"text-editor.default\">\n\t\t\t\t<div class=\"elementor-widget-container\">\n\t\t\t\t\t\t\t\t\t<p>Facciamo ogni ragionevole sforzo per mantenere la riservatezza delle informazioni personali elaborate nei nostri sistemi. Manteniamo rigorosi livelli di sicurezza per proteggere i dati personali che trattiamo contro la perdita accidentale e l&#8217;accesso, l&#8217;elaborazione o la divulgazione non autorizzati, tenendo conto dello stato della tecnologia, della natura e dei rischi a cui i dati sono esposti. Tuttavia, non possiamo essere ritenuti responsabili per l&#8217;utilizzo dei dati (inclusi nome utente e password) che utilizzi sul nostro sito web. Il nostro personale segue rigorosi standard sulla privacy e, nel caso in cui coinvolgiamo terze parti per fornire servizi di supporto, richiediamo loro di rispettare gli stessi standard e ci permettiamo di verificarne la conformit\u00e0.   <\/p>\n\t\t\t\t\t\t\t\t<\/div>\n\t\t\t\t<\/div>\n\t\t\t\t<div class=\"elementor-element elementor-element-747ce5b0 elementor-widget elementor-widget-heading\" data-id=\"747ce5b0\" data-element_type=\"widget\" data-e-type=\"widget\" data-widget_type=\"heading.default\">\n\t\t\t\t<div class=\"elementor-widget-container\">\n\t\t\t\t\t<h2 class=\"elementor-heading-title elementor-size-default\">I tuoi diritti: quali diritti puoi esercitare in qualit\u00e0 di interessato?<\/h2>\t\t\t\t<\/div>\n\t\t\t\t<\/div>\n\t\t\t\t<div class=\"elementor-element elementor-element-3045ea9b elementor-widget elementor-widget-text-editor\" data-id=\"3045ea9b\" data-element_type=\"widget\" data-e-type=\"widget\" data-widget_type=\"text-editor.default\">\n\t\t\t\t<div class=\"elementor-widget-container\">\n\t\t\t\t\t\t\t\t\t<p>La informiamo che potr\u00e0 esercitare i seguenti diritti:<\/p>\n<ul>\n<li>a) Il diritto di accesso ai propri dati personali, di sapere quali sono oggetto di trattamento e le operazioni di trattamento effettuate con essi.<\/li>\n<li>b) Diritto di rettifica di eventuali dati personali inesatti.<\/li>\n<li>c) Il diritto alla cancellazione dei tuoi dati personali, ove possibile.<\/li>\n<li>d) Il diritto di limitare il trattamento dei tuoi dati personali quando l&#8217;accuratezza, la liceit\u00e0 o la necessit\u00e0 del trattamento dei dati \u00e8 dubbia, nel qual caso potremmo conservarli per l&#8217;esercizio o la difesa di reclami.<\/li>\n<li>e) Diritto di opporsi al trattamento dei propri dati personali.<\/li>\n<li>f) Il diritto alla portabilit\u00e0 dei tuoi dati, quando la base giuridica che ci consente di trattarli \u00e8 l&#8217;esistenza di un rapporto contrattuale o il tuo consenso.<\/li>\n<li>g) Diritto di revoca del consenso concesso a <b>FST FIXINGS SL<\/b><\/li>\n<\/ul>\n<p>Per esercitare i tuoi diritti, puoi farlo gratuitamente e in qualsiasi momento, contattandoci al seguente indirizzo e-mail: <a class=\"ql-link\" href=\"mailto:fesit@fesit.es\" target=\"_blank\" rel=\"noopener noreferrer\">fesit@fesit.es<\/a><\/p>\t\t\t\t\t\t\t\t<\/div>\n\t\t\t\t<\/div>\n\t\t\t\t<div class=\"elementor-element elementor-element-2213ebe elementor-widget elementor-widget-heading\" data-id=\"2213ebe\" data-element_type=\"widget\" data-e-type=\"widget\" data-widget_type=\"heading.default\">\n\t\t\t\t<div class=\"elementor-widget-container\">\n\t\t\t\t\t<h2 class=\"elementor-heading-title elementor-size-default\">Tutela dei diritti: dove \u00e8 possibile presentare un reclamo?<\/h2>\t\t\t\t<\/div>\n\t\t\t\t<\/div>\n\t\t\t\t<div class=\"elementor-element elementor-element-2c45ff11 elementor-widget elementor-widget-text-editor\" data-id=\"2c45ff11\" data-element_type=\"widget\" data-e-type=\"widget\" data-widget_type=\"text-editor.default\">\n\t\t\t\t<div class=\"elementor-widget-container\">\n\t\t\t\t\t\t\t\t\t<p>Nel caso in cui l&#8217;utente ritenga che i suoi diritti siano stati violati dalla nostra entit\u00e0, pu\u00f2 presentare un reclamo all&#8217;Agenzia spagnola per la protezione dei dati, attraverso uno dei seguenti mezzi:<\/p>\n<ul>\n<li><b>Ufficio Elettronico:<\/b> <a href=\"https:\/\/www.aepd.es\" target=\"_blank\" rel=\"noopener\">https:\/\/www.aepd.es<\/a><\/li>\n<li><b>Posta:<\/b> Agenzia spagnola per la protezione dei dati, C\/ Jorge Juan, 6, 28001, Madrid<\/li>\n<li><b>Telefono:<\/b> 901.100.099 e 912.663.517<\/li>\n<\/ul>\n<p>La presentazione di un reclamo all&#8217;Agenzia spagnola per la protezione dei dati non comporta alcun costo e non \u00e8 necessaria l&#8217;assistenza di un avvocato o di un procuratore.<\/p>\n\t\t\t\t\t\t\t\t<\/div>\n\t\t\t\t<\/div>\n\t\t\t\t<div class=\"elementor-element elementor-element-3b7cba90 elementor-widget elementor-widget-heading\" data-id=\"3b7cba90\" data-element_type=\"widget\" data-e-type=\"widget\" data-widget_type=\"heading.default\">\n\t\t\t\t<div class=\"elementor-widget-container\">\n\t\t\t\t\t<h2 class=\"elementor-heading-title elementor-size-default\">Aggiornamenti: quali cambiamenti ci saranno probabilmente in questo?<\/h2>\t\t\t\t<\/div>\n\t\t\t\t<\/div>\n\t\t\t\t<div class=\"elementor-element elementor-element-360c9f21 elementor-widget elementor-widget-text-editor\" data-id=\"360c9f21\" data-element_type=\"widget\" data-e-type=\"widget\" data-widget_type=\"text-editor.default\">\n\t\t\t\t<div class=\"elementor-widget-container\">\n\t\t\t\t\t\t\t\t\t<p><b>FST FIXINGS SL<\/b> si riserva il diritto di modificare la presente politica per adattarla a nuove leggi o giurisprudenze che possano influire sul rispetto della stessa.<\/p>\n\t\t\t\t\t\t\t\t<\/div>\n\t\t\t\t<\/div>\n\t\t\t\t\t<\/div>\n\t\t<\/div>\n\t\t\t\t\t<\/div>\n\t\t<\/section>\n\t\t\t\t<\/div>\n\t\t","protected":false},"excerpt":{"rendered":"<p>Politica sulla privacy In conformit\u00e0 con il Regolamento (UE) 2016\/679 del Parlamento Europeo e del Consiglio, del 27 aprile 2016, relativo alla protezione delle persone fisiche con riguardo al trattamento dei dati personali, che abroga la direttiva 95\/46\/CE (di seguito, GDPR), la legge 34\/2002, dell&#8217;11 luglio, sui servizi della societ\u00e0 dell&#8217;informazione e del commercio elettronico [&hellip;]<\/p>\n","protected":false},"author":1,"featured_media":0,"parent":0,"menu_order":0,"comment_status":"closed","ping_status":"closed","template":"","meta":{"_joinchat":[],"footnotes":""},"class_list":["post-7378","page","type-page","status-publish","hentry"],"_links":{"self":[{"href":"https:\/\/fesit.es\/it\/wp-json\/wp\/v2\/pages\/7378","targetHints":{"allow":["GET"]}}],"collection":[{"href":"https:\/\/fesit.es\/it\/wp-json\/wp\/v2\/pages"}],"about":[{"href":"https:\/\/fesit.es\/it\/wp-json\/wp\/v2\/types\/page"}],"author":[{"embeddable":true,"href":"https:\/\/fesit.es\/it\/wp-json\/wp\/v2\/users\/1"}],"replies":[{"embeddable":true,"href":"https:\/\/fesit.es\/it\/wp-json\/wp\/v2\/comments?post=7378"}],"version-history":[{"count":3,"href":"https:\/\/fesit.es\/it\/wp-json\/wp\/v2\/pages\/7378\/revisions"}],"predecessor-version":[{"id":8057,"href":"https:\/\/fesit.es\/it\/wp-json\/wp\/v2\/pages\/7378\/revisions\/8057"}],"wp:attachment":[{"href":"https:\/\/fesit.es\/it\/wp-json\/wp\/v2\/media?parent=7378"}],"curies":[{"name":"wp","href":"https:\/\/api.w.org\/{rel}","templated":true}]}}